{"id":150,"date":"2018-07-04T09:54:11","date_gmt":"2018-07-04T07:54:11","guid":{"rendered":"https:\/\/mentalia.pl\/english\/?page_id=150"},"modified":"2018-09-12T10:42:29","modified_gmt":"2018-09-12T08:42:29","slug":"klauzula-informacyjnej-o-przetwarzaniu-danych-osobowych","status":"publish","type":"page","link":"https:\/\/mentalia.pl\/english\/klauzula-informacyjnej-o-przetwarzaniu-danych-osobowych\/","title":{"rendered":"Klauzula informacyjnej o przetwarzaniu danych osobowych"},"content":{"rendered":"<div id=\"dslc-main\">\r\n\t\t<div id=\"omnie\" class=\"dslc-modules-section \" style=\"\" data-section-id=\"0a4aee27449\">\r\n\t\t\t\t\r\n\t\t\t\t\r\n\t\t\t\t<div class=\"dslc-modules-section-wrapper dslc-clearfix\"><div class=\"dslc-modules-area dslc-col dslc-12-col dslc-last-col\" data-size=\"12\" data-valign=\"\">\r\n\t\t<div id=\"dslc-module-b4e9dc54963\" class=\"dslc-module-front dslc-module-DSLC_Text_Simple dslc-in-viewport-check dslc-in-viewport-anim-none  dslc-col dslc-12-col dslc-last-col  dslc-module-handle-like-regular \" data-module-id=\"b4e9dc54963\" data-module=\"DSLC_Text_Simple\" data-dslc-module-size=\"12\" data-dslc-anim=\"none\" data-dslc-anim-delay=\"\" data-dslc-anim-duration=\"650\"  data-dslc-anim-easing=\"ease\" data-dslc-preset=\"none\" >\r\n\r\n\t\t\t\r\n\t\t\t\r\n\t\t\r\n\t\t<div class=\"dslc-text-module-content\">\r\n\t\t\tKlauzula informacyjna o przetwarzaniu danych osobowych\t\t<\/div>\r\n\r\n\t\t\r\n\t\t\t\t<\/div><!-- .dslc-module -->\r\n\t\t\r\n\t\t<div id=\"dslc-module-faf2ae9ee9d\" class=\"dslc-module-front dslc-module-DSLC_Separator dslc-in-viewport-check dslc-in-viewport-anim-none  dslc-col dslc-12-col dslc-last-col  dslc-module-handle-like-regular \" data-module-id=\"faf2ae9ee9d\" data-module=\"DSLC_Separator\" data-dslc-module-size=\"12\" data-dslc-anim=\"none\" data-dslc-anim-delay=\"\" data-dslc-anim-duration=\"650\"  data-dslc-anim-easing=\"ease\" data-dslc-preset=\"none\" >\r\n\r\n\t\t\t\r\n\t\t\t\r\n\t\t\t\t\t<div class=\"dslc-separator-wrapper\">\r\n\t\t\t\t<div class=\"dslc-separator dslc-separator-style-invisible\">\r\n\t\t\t\t\t\t\t\t\t<\/div>\r\n\t\t\t\t<div><\/div>\r\n\t\t\t<\/div><!-- .dslc-separator-wrapper -->\r\n\t\t\t\r\n\t\t\t\t<\/div><!-- .dslc-module -->\r\n\t\t\r\n\t\t<div id=\"dslc-module-d5e6aa67177\" class=\"dslc-module-front dslc-module-DSLC_Text_Simple dslc-in-viewport-check dslc-in-viewport-anim-none  dslc-col dslc-12-col dslc-last-col  dslc-module-handle-like-regular \" data-module-id=\"d5e6aa67177\" data-module=\"DSLC_Text_Simple\" data-dslc-module-size=\"12\" data-dslc-anim=\"none\" data-dslc-anim-delay=\"\" data-dslc-anim-duration=\"650\"  data-dslc-anim-easing=\"ease\" data-dslc-preset=\"none\" >\r\n\r\n\t\t\t\r\n\t\t\t\r\n\t\t\r\n\t\t<div class=\"dslc-text-module-content\">\r\n\t\t\t<p><strong>I. Kto jest administratorem danych osobowych.<\/strong><\/p><p>Administratorem, czyli podmiotem decyduj\u0105cym o tym, w jakich celach i w jaki spos\u00f3b przetwarzane s\u0105 Pa\u0144stwa dane osobowe jest \u201eMental Breathes\u201d Barbara S\u0142awik z siedzib\u0105 w Warszawie 02-739, przy ul. Wa\u0142brzyskiej 48\/11.<\/p><p><strong>II. Cele, odbiorcy oraz podstawa prawna przetwarzania danych osobowych.<\/strong><\/p><p>1. \u201eMental Breathes\u201d Barbara S\u0142awik przetwarza Pa\u0144stwa dane osobowe w celach niezb\u0119dnych do realizacji uzgodnionych form spotka\u0144 (konsultacji, terapii indywidualnej, terapii grupowej, innych form spotka\u0144) kontakt\u00f3w towarzysz\u0105cych oraz poprzedzaj\u0105cych tego rodzaju spotkania, jak r\u00f3wnie\u017c w celu poprawy dzia\u0142ania serwisu mentalia.pl\/english.<br>2. Odbiorcami danych osobowych b\u0119d\u0105 osoby upowa\u017cnione przez \u201eMental Breathes\u201d Barbara S\u0142awik do przetwarzania danych osobowych w ramach swoich obowi\u0105zk\u00f3w s\u0142u\u017cbowych (pracownicy oraz wsp\u00f3\u0142pracownicy), oraz strony trzecie, kt\u00f3rym \u201eMental Breathes\u201d Barbara S\u0142awik zleca wykonywania czynno\u015bci, z kt\u00f3rymi wi\u0105\u017ce si\u0119 przetwarzanie danych osobowych (w tym podmioty dostarczaj\u0105ce lub administruj\u0105ce systemami teleinformatycznymi wykorzystywanymi przez \u201eMental Breathes\u201d Barbara S\u0142awik w ramach prowadzonej dzia\u0142alno\u015bci.<br>3. Przetwarzanie Pa\u0144stwa danych osobowych:<br>a) wynika z Pa\u0144stwa zgody na przetwarzanie Pa\u0144stwa danych osobowych w celu wskazanym w ust. 1 powy\u017cej;<br>b) jest to niezb\u0119dne do wykonania umowy, kt\u00f3rej s\u0105 Pa\u0144stwo stron\u0105 lub do podj\u0119cia dzia\u0142a\u0144 na Pa\u0144stwa \u017c\u0105danie przed zawarciem umowy;<br>c) stanowi realizacj\u0119 prawnie uzasadnionych interes\u00f3w \u201eMental Breathes\u201d Barbara S\u0142awik jako administratora Pa\u0144stwa danych osobowych.<br>4. Podstawa prawna przetwarzania: rozporz\u0105dzenie Parlamentu Europejskiego i Rady (UE) 2016\/679 z dnia 27 kwietnia 2016 r. w sprawie ochrony os\u00f3b fizycznych w zwi\u0105zku z przetwarzaniem danych osobowych i w sprawie swobodnego przep\u0142ywu takich danych oraz uchylenia dyrektywy 95\/46\/WE (\u201cRODO\u201d).<\/p><p><strong>III. Rodzaj przetwarzanych danych osobowych.<\/strong><\/p><p>\u201eMental Breathes\u201d Barbara S\u0142awik przetwarza nast\u0119puj\u0105ce kategorie Pa\u0144stwa danych osobowych:<br>1. Podstawowe dane identyfikacyjne: imi\u0119 i\/lub nazwisko, wykonywana praca, data urodzenia.<br>2. Dane kontaktowe: adres e-mail, telefon, adres zamieszkania lub korespondencyjny.<br>3. W przypadku korzystania z serwisu mentalia.pl\/english: adres IP Pa\u0144stwa urz\u0105dzenia, dane pozyskiwane na podstawie plik\u00f3w cookies lub podobnych mechanizm\u00f3w zapisywania informacji w urz\u0105dzeniach u\u017cytkownik\u00f3w, o ile pozwol\u0105 one na zidentyfikowanie Pa\u0144stwa.<br>4. Inne dane przekazane \u201eMental Breathes\u201d Barbara S\u0142awik. \u201eMental Breathes\u201d Barbara S\u0142awik przys\u0142uguje prawo usuni\u0119cia danych, o kt\u00f3rych mowa w zdaniu poprzedzaj\u0105cym a kt\u00f3re decyzj\u0105 \u201eMental Breathes\u201d Barbara S\u0142awik nie b\u0119d\u0105 dalej przetwarzane.<\/p><p><strong>IV. Okres przetwarzania danych osobowych.<\/strong><\/p><p>Pa\u0144stwa dane osobowe b\u0119d\u0105 przetwarzane przez okres niezb\u0119dny do realizacji cel\u00f3w wskazanych w pkt. II powy\u017cej oraz przez okres nie d\u0142u\u017cszy ni\u017c 5 lat od zako\u0144czenia kontakt\u00f3w z \u201eMental Breathes\u201d Barbara S\u0142awik z zastrze\u017ceniem pkt. III ust 4, ewentualnie do czasu otrzymania przez \u201eMental Breathes\u201d Barbara S\u0142awik od Pa\u0144stwa sprzeciwu wzgl\u0119dem dalszego ich przetwarzania.<\/p><p><strong>V. Prawa osoby, kt\u00f3rej dane osobowe dotycz\u0105.<\/strong><\/p><p>\u201eMental Breathes\u201d Barbara S\u0142awik zapewnia, \u017ce wszystkim osobom, kt\u00f3rych dane osobowe s\u0105 przetwarzane przys\u0142uguj\u0105 odpowiednie prawa wynikaj\u0105ce z RODO, tj.:<br>1. prawo dost\u0119pu do danych osobowych;<br>2. prawo do \u017c\u0105dania sprostowania (poprawienia) danych osobowych \u2013 w przypadku gdy dane s\u0105 nieprawid\u0142owe lub niekompletne;<br>3. prawo do wniesienia sprzeciwu wobec przetwarzania danych. Maj\u0105 Pa\u0144stwo prawo sprzeciwu wobec przetwarzania Pa\u0144stwa danych. W tym celu nale\u017cy skontaktowa\u0107 si\u0119 z \u201eMental Breathes\u201d Barbara S\u0142awik pod numerem telefonu +48 733 641 321 lub mailem: kontakt@mentalia.pl\/english, przestaniemy w\u00f3wczas przetwarza\u0107 Pa\u0144stwa dane w dotychczasowych celach, chyba \u017ce wyka\u017cemy, i\u017c podstawy przetwarzania przez nas Pa\u0144stwa danych s\u0105 niezb\u0119dne do ustalenia, dochodzenia lub obrony roszcze\u0144 \u201eMental Breathes\u201d Barbara S\u0142awik;<br>4. prawo do \u017c\u0105dania usuni\u0119cia danych osobowych;<br>5. prawo do \u017c\u0105dania ograniczenia przetwarzania danych osobowych. W ka\u017cdej chwili mog\u0105 Pa\u0144stwo za\u017c\u0105da\u0107 aby\u015bmy ograniczyli przetwarzanie Pa\u0144stwa danych osobowych wy\u0142\u0105cznie do ich przechowywania lub wykonywania innych uzgodnionych dzia\u0142a\u0144;<br>6. prawo wniesienia skargi do organu nadzorczego. W przypadku uznania, \u017ce przetwarzanie przez \u201eMental Breathes\u201d Barbara S\u0142awik Pa\u0144stwa danych osobowych narusza przepisy RODO, przys\u0142uguje Pa\u0144stwu prawo do wniesienia skargi do Prezesa Urz\u0119du Ochrony Danych Osobowych.<\/p>\t\t<\/div>\r\n\r\n\t\t\r\n\t\t\t\t<\/div><!-- .dslc-module -->\r\n\t\t<\/div><\/div><\/div><\/div>","protected":false},"excerpt":{"rendered":"<p>Klauzula informacyjna o przetwarzaniu danych osobowych I. Kto jest administratorem danych osobowych.Administratorem, czyli podmiotem decyduj\u0105cym o tym, w jakich celach i w jaki spos\u00f3b przetwarzane s\u0105 Pa\u0144stwa dane osobowe jest \u201eMental Breathes\u201d Barbara S\u0142awik z siedzib\u0105 w Warszawie 02-739, przy ul. Wa\u0142brzyskiej 48\/11.II. Cele, odbiorcy oraz podstawa prawna przetwarzania danych osobowych.1. \u201eMental Breathes\u201d Barbara S\u0142awik [&hellip;]<\/p>\n","protected":false},"author":1,"featured_media":0,"parent":0,"menu_order":0,"comment_status":"closed","ping_status":"closed","template":"","meta":{"footnotes":""},"class_list":["post-150","page","type-page","status-publish","hentry"],"_links":{"self":[{"href":"https:\/\/mentalia.pl\/english\/wp-json\/wp\/v2\/pages\/150","targetHints":{"allow":["GET"]}}],"collection":[{"href":"https:\/\/mentalia.pl\/english\/wp-json\/wp\/v2\/pages"}],"about":[{"href":"https:\/\/mentalia.pl\/english\/wp-json\/wp\/v2\/types\/page"}],"author":[{"embeddable":true,"href":"https:\/\/mentalia.pl\/english\/wp-json\/wp\/v2\/users\/1"}],"replies":[{"embeddable":true,"href":"https:\/\/mentalia.pl\/english\/wp-json\/wp\/v2\/comments?post=150"}],"version-history":[{"count":1,"href":"https:\/\/mentalia.pl\/english\/wp-json\/wp\/v2\/pages\/150\/revisions"}],"predecessor-version":[{"id":151,"href":"https:\/\/mentalia.pl\/english\/wp-json\/wp\/v2\/pages\/150\/revisions\/151"}],"wp:attachment":[{"href":"https:\/\/mentalia.pl\/english\/wp-json\/wp\/v2\/media?parent=150"}],"curies":[{"name":"wp","href":"https:\/\/api.w.org\/{rel}","templated":true}]}}